{"id":182,"date":"2017-04-24T16:20:29","date_gmt":"2017-04-24T13:20:29","guid":{"rendered":"https:\/\/corpusry.wordpress.com\/?page_id=182"},"modified":"2017-04-24T16:20:29","modified_gmt":"2017-04-24T13:20:29","slug":"mielenterveyspaivan-seminaari","status":"publish","type":"page","link":"https:\/\/corpusry.fi\/index.php\/seminaarit\/mielenterveyspaivan-seminaari\/","title":{"rendered":"Mielenterveysp\u00e4iv\u00e4n seminaari"},"content":{"rendered":"<div id=\"post-body-6003942524413608625\" class=\"post-body entry-content\">\n<div>\n<p>Corpus on j\u00e4rjest\u00e4nyt vuosina 2014, 2015 ja 2017 Maailman mielenterveysp\u00e4iv\u00e4n\u00e4 10.10. seminaaria Mielen kulttuuri.<\/p>\n<p><b>Maailman mielenterveysp\u00e4iv\u00e4\u00e4<\/b> on vietetty ymp\u00e4ri planeettaa vuodesta 1992, ja p\u00e4iv\u00e4n avulla on pyritty her\u00e4tt\u00e4m\u00e4\u00e4n keskustelua henkisen hyvinvoinnin edist\u00e4misest\u00e4, mielenterveyden ongelmien ehk\u00e4isemisest\u00e4 ja hoidosta sek\u00e4 mielenterveyspotilaiden ja omaisten asemasta maailmanlaajuisesti.<\/p>\n<p>My\u00f6s Corpuksen Mielenterveysp\u00e4iv\u00e4n seminaarin <b>tavoitteena <\/b>on her\u00e4tt\u00e4\u00e4 keskustelua. Lis\u00e4ksi tavoitteena on lis\u00e4t\u00e4 opiskelijoiden, tutkijoiden ja muun henkil\u00f6kunnan yhteisty\u00f6t\u00e4 sek\u00e4 yhteyksi\u00e4 yliopiston ulkopuolelle.<\/p>\n<p>Seminaarin verkkosivut: <a href=\"http:\/\/mielenkulttuuri.wordpress.com\/\" target=\"_blank\" rel=\"noopener\">http:\/\/mielenkulttuuri.wordpress.com<\/a>.<\/p>\n<p><strong>2017:<\/strong> <a href=\"https:\/\/mielenkulttuuri.wordpress.com\/\">Mielen kulttuuri 3 &#8211; Toivoa taiteesta<\/a><br \/>\nSeminaari j\u00e4rjestettiin ensimm\u00e4ist\u00e4 kertaa yhteisty\u00f6ss\u00e4 muiden ainej\u00e4rjest\u00f6jen kanssa. J\u00e4rjest\u00e4miseen osallistuivat Corpuksen lis\u00e4ksi Magna Carta, Parku, Tosine, Trioli, Sane, Stimulus ja Ynn\u00e4. Monitieteisess\u00e4 seminaarissa taiteen suhdetta mielenterveyteen l\u00e4hestyttiin puheenvuorojen lis\u00e4ksi osallistavissa ty\u00f6pajoissa.<\/p>\n<p><b>2015: <\/b><a href=\"http:\/\/mielenkulttuuri.blogspot.fi\/\">Mielen kulttuuri 2 &#8211; Hoivaako taiteesta?<\/a><\/p>\n<\/div>\n<div>Seminaari k\u00e4sitteli taiteen ja kulttuurin suhdetta hyvinvointiin: Voiko taide lis\u00e4t\u00e4 hyvinvointia, ja jos voi, niin miten? Mit\u00e4 ovat taideterapeuttiset ty\u00f6muodot, ja millaisia ne ovat k\u00e4yt\u00e4nn\u00f6ss\u00e4? Ent\u00e4 jos taide lis\u00e4\u00e4kin pahoinvointia?<\/p>\n<\/div>\n<div><b> 2014:<\/b> <a href=\"http:\/\/mielenkulttuuri.blogspot.fi\/p\/mielen-kulttuuri-2014.html\">Mielen kulttuuri &#8211; Kerrottu, koettu ja kuvitettu hulluus<\/a><a href=\"http:\/\/mielenkulttuuri.blogspot.fi\/p\/mielen-kulttuuri-2014.html\"><br \/>\n<\/a><\/div>\n<div>Ensimm\u00e4ist\u00e4 kertaa j\u00e4rjestett\u00e4v\u00e4 seminaari k\u00e4sitteli kulttuurisia n\u00e4k\u00f6kulmia mielenterveyteen ja sen h\u00e4iri\u00f6ihin. Seminaari otti tarkasteltavakseen \u201chulluuden\u201d eik\u00e4 kaihtanut ep\u00e4korrektia nimityst\u00e4, sill\u00e4 kyse ei ollut vain l\u00e4\u00e4ketieteen tunnistamista ja tunnustamista ilmi\u00f6ist\u00e4 vaan my\u00f6s kulttuurisista k\u00e4sityksist\u00e4. Seminaarin j\u00e4rjestettiin yhteisty\u00f6ss\u00e4 Taiteiden ja kulttuurin tutkimuksen laitoksen, Jyv\u00e4skyl\u00e4n yliopiston kirjaston, Suomen Mielenterveysseuran, Mielenterveyden keskusliiton ja Tiedekeskus Heurekan kanssa.<\/div>\n<\/div>\n","protected":false},"excerpt":{"rendered":"<p>Corpus on j\u00e4rjest\u00e4nyt vuosina 2014, 2015 ja 2017 Maailman mielenterveysp\u00e4iv\u00e4n\u00e4 10.10. seminaaria Mielen kulttuuri. Maailman mielenterveysp\u00e4iv\u00e4\u00e4 on vietetty ymp\u00e4ri planeettaa vuodesta 1992, ja p\u00e4iv\u00e4n avulla on pyritty her\u00e4tt\u00e4m\u00e4\u00e4n keskustelua henkisen <a href=\"https:\/\/corpusry.fi\/index.php\/seminaarit\/mielenterveyspaivan-seminaari\/\" class=\"more-link\">[&hellip;]<\/a><\/p>\n","protected":false},"author":3,"featured_media":0,"parent":39,"menu_order":0,"comment_status":"closed","ping_status":"closed","template":"","meta":{"Layout":"","footnotes":""},"class_list":["entry","author-maisa-virtanen","post-182","page","type-page","status-publish"],"_links":{"self":[{"href":"https:\/\/corpusry.fi\/index.php\/wp-json\/wp\/v2\/pages\/182","targetHints":{"allow":["GET"]}}],"collection":[{"href":"https:\/\/corpusry.fi\/index.php\/wp-json\/wp\/v2\/pages"}],"about":[{"href":"https:\/\/corpusry.fi\/index.php\/wp-json\/wp\/v2\/types\/page"}],"author":[{"embeddable":true,"href":"https:\/\/corpusry.fi\/index.php\/wp-json\/wp\/v2\/users\/3"}],"replies":[{"embeddable":true,"href":"https:\/\/corpusry.fi\/index.php\/wp-json\/wp\/v2\/comments?post=182"}],"version-history":[{"count":0,"href":"https:\/\/corpusry.fi\/index.php\/wp-json\/wp\/v2\/pages\/182\/revisions"}],"up":[{"embeddable":true,"href":"https:\/\/corpusry.fi\/index.php\/wp-json\/wp\/v2\/pages\/39"}],"wp:attachment":[{"href":"https:\/\/corpusry.fi\/index.php\/wp-json\/wp\/v2\/media?parent=182"}],"curies":[{"name":"wp","href":"https:\/\/api.w.org\/{rel}","templated":true}]}}