{"id":2102,"date":"2022-12-13T17:49:20","date_gmt":"2022-12-13T15:49:20","guid":{"rendered":"https:\/\/corpusry.fi\/?page_id=2102"},"modified":"2022-12-13T17:49:20","modified_gmt":"2022-12-13T15:49:20","slug":"13-luukku-3","status":"publish","type":"page","link":"https:\/\/corpusry.fi\/index.php\/13-luukku-3\/","title":{"rendered":"13. Luukku"},"content":{"rendered":"\n<p>&#8211; Kulkue &#8211;<\/p>\n\n\n\n<p>\u201dLaita seppele p\u00e4\u00e4h\u00e4n, kulkue l\u00e4htee kohta.\u201d<\/p>\n\n\n\n<p>Py\u00f6rittelen kuusennauhaseppelett\u00e4 k\u00e4siss\u00e4ni. Se ei ole yht\u00e4 kaunis tai kimalteleva mit\u00e4 yst\u00e4v\u00e4ll\u00e4ni, sill\u00e4 h\u00e4nell\u00e4 on vaaleat hiukset ja kauniit kasvot.<\/p>\n\n\n\n<p>Oikeastaan \u201dseppele\u201d on ehk\u00e4 v\u00e4\u00e4r\u00e4 sana kuvaamaan tuota pistelev\u00e4\u00e4 kapinetta. Se on rakennettu halvasta hiuspannasta ja koristenauhasta liimaamalla. Meille kaikille jaettiin joulunauhaa ja ohjeet pannan rakentamiseen, sill\u00e4 olisi ollut ep\u00e4reilua j\u00e4tt\u00e4\u00e4 ruskeahiuksiset kulkueen ulkopuolelle vain sen takia, ettemme ole enkeleit\u00e4. Minun yst\u00e4v\u00e4ni on enkeli\u00e4kin kauniimpi, p\u00e4\u00e4st\u00e4 varpaisiin valkoisessa ja hempe\u00e4 hymy huulillaan. Kuvasta puuttuu en\u00e4\u00e4 siivet, sill\u00e4 h\u00e4nen erikoisseppeleens\u00e4 on kultaa ja hopeaa ja isoja kynttil\u00f6it\u00e4 t\u00e4ynn\u00e4.<\/p>\n\n\n\n<p>Min\u00e4 olen hieman kateellinen, sill\u00e4 h\u00e4n osaa my\u00f6s laulaa kauniisti.<\/p>\n\n\n\n<p>\u201dSido t\u00e4\u00e4 mulle, en saa tarpeeks tiukkaa solmua.\u201d<\/p>\n\n\n\n<p>Kouluavustaja kumartuu sitomaan punaista vy\u00f6nauhaa, ja yst\u00e4v\u00e4ni katsoo t\u00e4rke\u00e4n oloisena saattojoukkojaan. Painan seppeleen p\u00e4\u00e4h\u00e4ni ja yrit\u00e4n hymyill\u00e4. T\u00e4m\u00e4 on t\u00e4rke\u00e4 hetki paitsi h\u00e4nelle, koko Kumpareen koulun kakkosluokalle. Vain me, koulun vanhimmat oppilaat, saamme olla Lucia-kulkueessa.<\/p>\n\n\n\n<p>Jonon per\u00e4ll\u00e4 pari B-luokan poikaa alkaa leikki\u00e4 t\u00e4htisauvoilla.<\/p>\n\n\n\n<p>\u201dNyt pojat pulinat pois ja katse eteen! Veeti, laita hattu p\u00e4\u00e4h\u00e4n kunnolla.\u201d<\/p>\n\n\n\n<p>Toinen pojista nyrpist\u00e4\u00e4 nen\u00e4\u00e4ns\u00e4 ja vet\u00e4\u00e4 kartiomallisen hatun pois silmilt\u00e4\u00e4n. Kun kouluavustajan silm\u00e4 v\u00e4ltt\u00e4\u00e4, h\u00e4n irvist\u00e4\u00e4 ja huitoo sauvallaan t\u00e4m\u00e4n per\u00e4\u00e4n \u2013 se saa molemmat pojat hihitt\u00e4m\u00e4\u00e4n. Kouluavustaja kurtistaa kulmiaan ja sinkoaa tuiman katseen kohti poikia. Molemmat hiljenev\u00e4t.<\/p>\n\n\n\n<p>Minulla ei ole sauvaa vaan kynttil\u00e4. Painan kynttil\u00e4n pohjassa olevasta napista, ja muovinen liekki alkaa v\u00e4p\u00e4tt\u00e4\u00e4 heikkoa valoa. Kouluavustaja palaa luoksemme ja sytytt\u00e4\u00e4 yst\u00e4v\u00e4ni seppeleen kynttil\u00e4t. Ne ovat oikeita, vain Lucialle varattuja.<\/p>\n\n\n\n<p>Opettaja ysk\u00e4isee salissa mikrofoniin ja aloittaa: \u201dKolmastoista joulukuuta on ollut satoja vuosia juhlap\u00e4iv\u00e4 naapurimaassamme Ruotsissa. On vuoden pimein aika, ja ihmiset odottavat Pyh\u00e4\u00e4 Luciaa. Kerrotaan, ett\u00e4 Lucia saapuu enkelitytt\u00f6ineen ja t\u00e4htipoikineen tuomaan iloa ja valoa maailmaan&#8230;\u201d<\/p>\n\n\n\n<p>\u201dJ\u00e4nnitt\u00e4\u00e4k\u00f6 sua?\u201d<\/p>\n\n\n\n<p>K\u00e4\u00e4nn\u00e4n katseeni ja n\u00e4en yst\u00e4v\u00e4ni tarkkailevan minua. Kohautan olkiani. H\u00e4n on joukon johtaja, en min\u00e4. Seuraajan t\u00e4ytyy vain kulkea sinne, minne Lucia h\u00e4net vie.<\/p>\n\n\n\n<p>\u201dEi muakaan\u201d, yst\u00e4v\u00e4ni vastaa.<\/p>\n\n\n\n<p>Huomaan, ett\u00e4 kynttil\u00e4 h\u00e4nen k\u00e4siss\u00e4\u00e4n t\u00e4risee. Aitojen kynttil\u00f6iden liekit humahtavat, kun h\u00e4n k\u00e4\u00e4ntyy takaisin juhlasalin sis\u00e4\u00e4nk\u00e4ynti\u00e4 kohti. Aion sanoa jotain, mutta samassa opettajan puhe loppuu:<\/p>\n\n\n\n<p>\u201d\u2026Hiljentyk\u00e4\u00e4mme kuuntelemaan, kun h\u00e4nen kulkueensa saapuu.\u201d<\/p>\n\n\n\n<p>Kouluavustaja laskee: \u201dYy, kaa, koo\u2026\u201d Kulkue nytk\u00e4ht\u00e4\u00e4 liikkeelle.<\/p>\n\n\n\n<p><em>Hummm\u2026 Hummm\u2026<\/em><\/p>\n\n\n\n<p><em>Hummm\u2026 Hummm\u2026<\/em><\/p>\n\n\n\n<p>Laulumme alkaa hiljaisella huminalla, joka voimistuu askel askeleelta. Seuraan yst\u00e4v\u00e4ni selk\u00e4\u00e4 ja astun saliin. Siis <em>aion astua<\/em>, sill\u00e4 huomaan, ett\u00e4 yst\u00e4v\u00e4ni horjuu kynnyksen edess\u00e4. Koko jono pys\u00e4htyy, ja joku kuiskaa kova\u00e4\u00e4nisesti jonon per\u00e4lt\u00e4: \u201dMiksi me pys\u00e4hdyttiin?\u201d<\/p>\n\n\n\n<p>Tartun yst\u00e4v\u00e4\u00e4ni hihasta. Kukaan ei huomaa, kun kuiskaan h\u00e4nelle:<\/p>\n\n\n\n<p>\u201dMe tullaan per\u00e4ss\u00e4.\u201d<\/p>\n\n\n\n<p>Yst\u00e4v\u00e4ni vet\u00e4\u00e4 syv\u00e4\u00e4n henke\u00e4 ja astuu eteenp\u00e4in.<\/p>\n\n\n\n<p><em>Taivaalla t\u00e4htivy\u00f6, kirkkaana loistaa.<\/em><\/p>\n\n\n\n<p><em>Viesti\u00e4 jouluy\u00f6n, tuikkeensa toistaa.<\/em><\/p>\n\n\n\n<p><em>Taivainen kirkastus, riemuisa julistus.<\/em><\/p>\n\n\n\n<p><em>Kynttil\u00e4t syttyy, kynttil\u00e4t syttyy.<\/em><\/p>\n\n\n\n<p><em>Taivainen kirkkaus, riemuista julistus.<\/em><\/p>\n\n\n\n<p><em>Kynttil\u00e4t syttyy, kynttil\u00e4t syttyy.<\/em><\/p>\n\n\n\n<p>Vanhempien katseet pyyhkiv\u00e4t kulkueen yli, kun se saapuu saliin. Jokainen etsii omaa lastaan, ja hymyilee l\u00f6yt\u00e4ess\u00e4\u00e4n sen. Esill\u00e4 on monta pokkaria ja videokameraa, ja muutama Nokian k\u00e4nnykk\u00e4. Is\u00e4 ja \u00e4iti ovat takariviss\u00e4, ja pikkuveli vilkuttaa etupenkin eskareiden joukosta. Yst\u00e4v\u00e4nikin vanhemmat ovat paikalla, tosin salin eri laidoilla.<\/p>\n\n\n\n<p>Min\u00e4 kuljen eteenp\u00e4in ja tunnen, miten talven pimeys v\u00e4istyy edess\u00e4mme. Saattuettamme johtaa Lucia, mutta tarvitaan monia, jotta valo voi voittaa. Kukaan ei ole tarpeeksi vahva toimiakseen yksin, ei edes Lucia. Siksi me kaikki, min\u00e4, yst\u00e4v\u00e4ni ja koko t\u00e4m\u00e4 kulkue, olemme yhdess\u00e4 valon tuojia.<\/p>\n\n\n\n<p>Asetumme riviksi yleis\u00f6n eteen. Huomaan, ett\u00e4 kateuteni on kadonnut. Se kai suli matkan varrella, hukkui iloon ja valoon.<\/p>\n\n\n\n<p><em>Sankta Lucia, ljusklara h\u00e4gring,<\/em><\/p>\n\n\n\n<p><em>sprid i v\u00e5r vinternatt glans av din f\u00e4gring.<\/em><\/p>\n\n\n\n<p><em>Dr\u00f6mmar med vingesus under oss sia,<\/em><\/p>\n\n\n\n<p><em>t\u00e4nd dina vita ljus, Sankta Lucia.<\/em><\/p>\n\n\n\n<p><em>Dr\u00f6mmar med vingesus under os sia,<\/em><\/p>\n\n\n\n<p><em>t\u00e4nd dina vita ljus, Sankta Lucia.<\/em><\/p>\n\n\n\n<p><\/p>\n\n\n\n<p>&#8211; Uninen ajattelija<\/p>\n","protected":false},"excerpt":{"rendered":"<p>&#8211; Kulkue &#8211; \u201dLaita seppele p\u00e4\u00e4h\u00e4n, kulkue l\u00e4htee kohta.\u201d Py\u00f6rittelen kuusennauhaseppelett\u00e4 k\u00e4siss\u00e4ni. Se ei ole yht\u00e4 kaunis tai kimalteleva mit\u00e4 yst\u00e4v\u00e4ll\u00e4ni, sill\u00e4 h\u00e4nell\u00e4 on vaaleat hiukset ja kauniit kasvot. Oikeastaan <a href=\"https:\/\/corpusry.fi\/index.php\/13-luukku-3\/\" class=\"more-link\">[&hellip;]<\/a><\/p>\n","protected":false},"author":19,"featured_media":0,"parent":0,"menu_order":0,"comment_status":"closed","ping_status":"closed","template":"","meta":{"Layout":"","footnotes":""},"class_list":["entry","author-snupponen","post-2102","page","type-page","status-publish"],"_links":{"self":[{"href":"https:\/\/corpusry.fi\/index.php\/wp-json\/wp\/v2\/pages\/2102","targetHints":{"allow":["GET"]}}],"collection":[{"href":"https:\/\/corpusry.fi\/index.php\/wp-json\/wp\/v2\/pages"}],"about":[{"href":"https:\/\/corpusry.fi\/index.php\/wp-json\/wp\/v2\/types\/page"}],"author":[{"embeddable":true,"href":"https:\/\/corpusry.fi\/index.php\/wp-json\/wp\/v2\/users\/19"}],"replies":[{"embeddable":true,"href":"https:\/\/corpusry.fi\/index.php\/wp-json\/wp\/v2\/comments?post=2102"}],"version-history":[{"count":1,"href":"https:\/\/corpusry.fi\/index.php\/wp-json\/wp\/v2\/pages\/2102\/revisions"}],"predecessor-version":[{"id":2103,"href":"https:\/\/corpusry.fi\/index.php\/wp-json\/wp\/v2\/pages\/2102\/revisions\/2103"}],"wp:attachment":[{"href":"https:\/\/corpusry.fi\/index.php\/wp-json\/wp\/v2\/media?parent=2102"}],"curies":[{"name":"wp","href":"https:\/\/api.w.org\/{rel}","templated":true}]}}